{"id":365,"date":"2021-12-14T11:52:11","date_gmt":"2021-12-14T10:52:11","guid":{"rendered":"https:\/\/pichler-taller.it\/ueber-uns\/"},"modified":"2022-03-19T23:24:05","modified_gmt":"2022-03-19T22:24:05","slug":"ueber-uns","status":"publish","type":"page","link":"https:\/\/pichler-taller.it\/de\/ueber-uns\/","title":{"rendered":"\u00dcber uns"},"content":{"rendered":"<p>[et_pb_section fb_built=&#8220;1&#8243; fullwidth=&#8220;on&#8220; _builder_version=&#8220;4.14.8&#8243; _module_preset=&#8220;default&#8220; hover_enabled=&#8220;0&#8243; global_colors_info=&#8220;{}&#8220; sticky_enabled=&#8220;0&#8243; max_height=&#8220;1000px&#8220; max_height_last_edited=&#8220;on|tablet&#8220; max_height_phone=&#8220;243px&#8220; max_height_tablet=&#8220;369px&#8220;][et_pb_fullwidth_slider show_arrows=&#8220;off&#8220; show_pagination=&#8220;off&#8220; _builder_version=&#8220;4.14.8&#8243; _module_preset=&#8220;default&#8220; min_height=&#8220;500px&#8220; animation_direction=&#8220;right&#8220; auto=&#8220;on&#8220; auto_speed=&#8220;5000&#8243; global_colors_info=&#8220;{}&#8220;][et_pb_slide admin_title=&#8220;Photo&#8220; _builder_version=&#8220;4.14.8&#8243; _module_preset=&#8220;default&#8220; background_image=&#8220;https:\/\/pichler-taller.it\/wp-content\/uploads\/2022\/01\/chisiamo-1.jpg&#8220; background_enable_image=&#8220;on&#8220; background_position=&#8220;top_center&#8220; global_colors_info=&#8220;{}&#8220; sticky_transition=&#8220;on&#8220;][\/et_pb_slide][\/et_pb_fullwidth_slider][\/et_pb_section][et_pb_section fb_built=&#8220;1&#8243; _builder_version=&#8220;4.14.8&#8243; _module_preset=&#8220;default&#8220; background_color=&#8220;#FFFFFF&#8220; custom_margin=&#8220;0px||||false|false&#8220; custom_padding=&#8220;11px||0px||false|false&#8220; global_colors_info=&#8220;{}&#8220;][et_pb_row _builder_version=&#8220;4.14.2&#8243; _module_preset=&#8220;default&#8220; custom_padding=&#8220;49px|||||&#8220; global_colors_info=&#8220;{}&#8220;][et_pb_column type=&#8220;4_4&#8243; _builder_version=&#8220;4.14.2&#8243; _module_preset=&#8220;default&#8220; global_colors_info=&#8220;{}&#8220;][et_pb_text _builder_version=&#8220;4.14.2&#8243; _module_preset=&#8220;default&#8220; text_font=&#8220;Montserrat|700|||||||&#8220; text_text_color=&#8220;#333333&#8243; text_font_size=&#8220;46px&#8220; header_text_color=&#8220;#333333&#8243; global_colors_info=&#8220;{}&#8220;]<\/p>\n<p>\u00dcber uns<\/p>\n<p>[\/et_pb_text][\/et_pb_column][\/et_pb_row][et_pb_row _builder_version=&#8220;4.14.2&#8243; _module_preset=&#8220;default&#8220; global_colors_info=&#8220;{}&#8220;][et_pb_column type=&#8220;4_4&#8243; _builder_version=&#8220;4.14.2&#8243; _module_preset=&#8220;default&#8220; global_colors_info=&#8220;{}&#8220;][et_pb_text _builder_version=&#8220;4.14.7&#8243; _module_preset=&#8220;default&#8220; global_colors_info=&#8220;{}&#8220;]<\/p>\n<p><span style=\"font-weight: 400;\">Bei einem der gro\u00dfen Baulose zur Realisierung des BBT kennengelernt, entdeckten wir bald unser gemeinsames langfristiges Ziel: Die Bildung eines Teams von Fachleuten in der Region Trentino-S\u00fcdtirol, welches sich gemeinsam mit geologischen, hydrogeologischen und geotechnischen Fragestellungen auseinandersetzt, um auch vielschichtige Fragestellungen aus unterschiedlichen Perspektiven betrachten und bearbeiten zu k\u00f6nnen. Das Einbringen der jeweiligen Expertise zu einer Problemstellung und die Zusammenarbeit mit ausgew\u00e4hlten Fachleuten anderer Bereiche erm\u00f6glicht eine umfassendere und weitsichtige Bearbeitung der Projekte. Dabei sind wir stets bem\u00fcht, den Bed\u00fcrfnissen der Kunden aber auch den zu erhaltenden landschaftlichen Besonderheiten der Region gerecht zu werden.   <\/span><span style=\"font-weight: 400;\">Die mittlerweile gemeinsam gesammelten Erfahrungen haben zur Bildung eines kompetenten Teams gef\u00fchrt.<\/span><\/p>\n<p>[\/et_pb_text][\/et_pb_column][\/et_pb_row][et_pb_row column_structure=&#8220;1_3,1_3,1_3&#8243; _builder_version=&#8220;4.14.8&#8243; _module_preset=&#8220;default&#8220; min_height=&#8220;35vh&#8220; custom_padding=&#8220;27px|||||&#8220; hover_enabled=&#8220;0&#8243; global_colors_info=&#8220;{}&#8220; disabled_on=&#8220;on|on|off&#8220; sticky_enabled=&#8220;0&#8243;][et_pb_column type=&#8220;1_3&#8243; _builder_version=&#8220;4.14.2&#8243; _module_preset=&#8220;default&#8220; global_colors_info=&#8220;{}&#8220;][et_pb_text _builder_version=&#8220;4.14.8&#8243; _module_preset=&#8220;default&#8220; background_color=&#8220;#4E7C97&#8243; background_image=&#8220;https:\/\/pichler-taller.it\/wp-content\/uploads\/2022\/01\/chisiamo-claudiotaller.jpg&#8220; width=&#8220;200px&#8220; module_alignment=&#8220;left&#8220; min_height=&#8220;200px&#8220; hover_enabled=&#8220;0&#8243; border_radii=&#8220;on|150px|150px|150px|150px&#8220; global_colors_info=&#8220;{}&#8220; sticky_enabled=&#8220;0&#8243; max_width=&#8220;200px&#8220;][\/et_pb_text][et_pb_blurb title=&#8220;Geologe Claudio Taller&#8220; icon_placement=&#8220;left&#8220; image_icon_width=&#8220;20px&#8220; content_max_width=&#8220;1100px&#8220; _builder_version=&#8220;4.14.2&#8243; header_font=&#8220;Montserrat|700|||||||&#8220; header_text_align=&#8220;left&#8220; header_text_color=&#8220;#333333&#8243; header_font_size=&#8220;16px&#8220; header_line_height=&#8220;1.5em&#8220; body_font=&#8220;||||||||&#8220; body_text_align=&#8220;left&#8220; body_text_color=&#8220;#333333&#8243; body_font_size=&#8220;16px&#8220; body_line_height=&#8220;2em&#8220; image_icon_custom_margin=&#8220;|0px||0px|false|false&#8220; image_icon_custom_padding=&#8220;|0px||0px|false|false&#8220; background_layout=&#8220;dark&#8220; custom_margin=&#8220;|0px|20px|-15px|false|false&#8220; custom_margin_tablet=&#8220;|||&#8220; custom_margin_phone=&#8220;|||0px&#8220; custom_margin_last_edited=&#8220;off|desktop&#8220; custom_padding=&#8220;|0px||0px|false|false&#8220; animation=&#8220;off&#8220; icon_font_size=&#8220;20px&#8220; locked=&#8220;off&#8220; global_colors_info=&#8220;{}&#8220;]<\/p>\n<p style=\"text-align: left;\">Verantwortlicher Zone Trentino<\/p>\n<p>[\/et_pb_blurb][et_pb_blurb title=&#8220;+39 340 538 5749&#8243; url=&#8220;tel:+393405385749&#8243; use_icon=&#8220;on&#8220; font_icon=&#8220;&#xe090;||divi||400&#8243; image_icon_background_color=&#8220;RGBA(255,255,255,0)&#8220; icon_placement=&#8220;left&#8220; image_icon_width=&#8220;20px&#8220; content_max_width=&#8220;1100px&#8220; _builder_version=&#8220;4.14.7&#8243; header_font=&#8220;Montserrat|500|||||||&#8220; header_text_color=&#8220;#084666&#8243; header_font_size=&#8220;16px&#8220; header_line_height=&#8220;1.5em&#8220; body_font=&#8220;||||||||&#8220; body_text_color=&#8220;#333333&#8243; body_font_size=&#8220;16px&#8220; body_line_height=&#8220;2em&#8220; background_layout=&#8220;dark&#8220; custom_margin=&#8220;||0px||false|false&#8220; custom_margin_tablet=&#8220;|||&#8220; custom_margin_phone=&#8220;|||0px&#8220; custom_margin_last_edited=&#8220;off|desktop&#8220; custom_padding=&#8220;|||12px|false|false&#8220; animation=&#8220;off&#8220; custom_css_blurb_content=&#8220;display: flex;||flex-direction: row;&#8220; icon_font_size=&#8220;20px&#8220; locked=&#8220;off&#8220; global_colors_info=&#8220;{}&#8220;][\/et_pb_blurb][et_pb_blurb title=&#8220;claudio@pichler-taller.it&#8220; url=&#8220;mailto:claudio@pichler-taller.it&#8220; use_icon=&#8220;on&#8220; font_icon=&#8220;&#xe076;||divi||400&#8243; icon_placement=&#8220;left&#8220; image_icon_width=&#8220;20px&#8220; content_max_width=&#8220;1100px&#8220; _builder_version=&#8220;4.14.7&#8243; header_font=&#8220;Montserrat|500|||||||&#8220; header_text_color=&#8220;#084666&#8243; header_font_size=&#8220;16px&#8220; header_line_height=&#8220;1.5em&#8220; body_font=&#8220;||||||||&#8220; body_text_color=&#8220;#084666&#8243; body_font_size=&#8220;16px&#8220; body_line_height=&#8220;2em&#8220; background_layout=&#8220;dark&#8220; custom_margin=&#8220;||0px||false|false&#8220; custom_margin_tablet=&#8220;|||&#8220; custom_margin_phone=&#8220;|||0px&#8220; custom_margin_last_edited=&#8220;off|desktop&#8220; custom_padding=&#8220;|||12px|false|false&#8220; animation=&#8220;off&#8220; custom_css_blurb_content=&#8220;display: flex;||flex-direction: row;&#8220; icon_font_size=&#8220;20px&#8220; locked=&#8220;off&#8220; global_colors_info=&#8220;{}&#8220;][\/et_pb_blurb][\/et_pb_column][et_pb_column type=&#8220;1_3&#8243; _builder_version=&#8220;4.14.2&#8243; _module_preset=&#8220;default&#8220; background_enable_color=&#8220;off&#8220; global_colors_info=&#8220;{}&#8220;][et_pb_image src=&#8220;https:\/\/pichler-taller.it\/wp-content\/uploads\/2022\/01\/logo-grey.png&#8220; title_text=&#8220;Angewandte Geologie Pichler&amp;Taller LOGO&#8220; align=&#8220;center&#8220; _builder_version=&#8220;4.14.7&#8243; _module_preset=&#8220;default&#8220; background_enable_color=&#8220;off&#8220; min_height=&#8220;100px&#8220; max_height=&#8220;50px&#8220; custom_padding=&#8220;165px|||||&#8220; global_colors_info=&#8220;{}&#8220;][\/et_pb_image][\/et_pb_column][et_pb_column type=&#8220;1_3&#8243; _builder_version=&#8220;4.14.2&#8243; _module_preset=&#8220;default&#8220; global_colors_info=&#8220;{}&#8220;][et_pb_text _builder_version=&#8220;4.14.8&#8243; _module_preset=&#8220;default&#8220; background_color=&#8220;#4E7C97&#8243; background_image=&#8220;https:\/\/pichler-taller.it\/wp-content\/uploads\/2022\/02\/chisiamo-christianpichler.jpg&#8220; width=&#8220;200px&#8220; module_alignment=&#8220;right&#8220; min_height=&#8220;200px&#8220; hover_enabled=&#8220;0&#8243; border_radii=&#8220;on|150px|150px|150px|150px&#8220; global_colors_info=&#8220;{}&#8220; max_width=&#8220;200px&#8220; sticky_enabled=&#8220;0&#8243;][\/et_pb_text][et_pb_blurb title=&#8220;Geologe Christian Pichler&#8220; icon_placement=&#8220;left&#8220; image_icon_width=&#8220;20px&#8220; content_max_width=&#8220;1100px&#8220; _builder_version=&#8220;4.14.2&#8243; header_font=&#8220;Montserrat|700|||||||&#8220; header_text_color=&#8220;#333333&#8243; header_font_size=&#8220;16px&#8220; header_line_height=&#8220;1.5em&#8220; body_font=&#8220;||||||||&#8220; body_text_color=&#8220;#333333&#8243; body_font_size=&#8220;16px&#8220; body_line_height=&#8220;2em&#8220; text_orientation=&#8220;right&#8220; background_layout=&#8220;dark&#8220; module_alignment=&#8220;right&#8220; custom_margin=&#8220;|0px|20px|-15px|false|false&#8220; custom_margin_tablet=&#8220;|||&#8220; custom_margin_phone=&#8220;|||0px&#8220; custom_margin_last_edited=&#8220;off|desktop&#8220; custom_padding=&#8220;|0px||0px|false|false&#8220; animation=&#8220;off&#8220; icon_font_size=&#8220;20px&#8220; locked=&#8220;off&#8220; global_colors_info=&#8220;{}&#8220;]<\/p>\n<p>Verantwortlicher Zone S\u00fcdtirol<\/p>\n<p>[\/et_pb_blurb][et_pb_blurb title=&#8220;+39 349 815 0475&#8243; url=&#8220;tel:+393498150475&#8243; use_icon=&#8220;on&#8220; font_icon=&#8220;&#xe090;||divi||400&#8243; icon_placement=&#8220;left&#8220; image_icon_width=&#8220;20px&#8220; content_max_width=&#8220;1100px&#8220; _builder_version=&#8220;4.14.7&#8243; header_font=&#8220;Montserrat|500|||||||&#8220; header_text_color=&#8220;#084666&#8243; header_font_size=&#8220;16px&#8220; header_line_height=&#8220;1.5em&#8220; body_font=&#8220;||||||||&#8220; body_text_color=&#8220;#084666&#8243; body_font_size=&#8220;16px&#8220; body_line_height=&#8220;2em&#8220; text_orientation=&#8220;right&#8220; background_layout=&#8220;dark&#8220; module_alignment=&#8220;right&#8220; custom_margin=&#8220;||0px||false|false&#8220; custom_margin_tablet=&#8220;|||&#8220; custom_margin_phone=&#8220;|||0px&#8220; custom_margin_last_edited=&#8220;off|desktop&#8220; custom_padding=&#8220;4px|0px|0px|||&#8220; animation=&#8220;off&#8220; custom_css_blurb_image=&#8220;margin-left: 25px;&#8220; custom_css_blurb_content=&#8220;display: flex;||flex-direction: row-reverse;&#8220; icon_font_size=&#8220;20px&#8220; locked=&#8220;off&#8220; global_colors_info=&#8220;{}&#8220;][\/et_pb_blurb][et_pb_blurb title=&#8220;christian@pichler-taller.it&#8220; url=&#8220;mailto:christian@pichler-taller.it&#8220; use_icon=&#8220;on&#8220; font_icon=&#8220;&#xe076;||divi||400&#8243; icon_placement=&#8220;left&#8220; image_icon_width=&#8220;20px&#8220; content_max_width=&#8220;1100px&#8220; _builder_version=&#8220;4.14.7&#8243; header_font=&#8220;Montserrat|500|||||||&#8220; header_text_color=&#8220;#084666&#8243; header_font_size=&#8220;16px&#8220; header_line_height=&#8220;1.5em&#8220; body_font=&#8220;||||||||&#8220; body_text_color=&#8220;#084666&#8243; body_font_size=&#8220;16px&#8220; body_line_height=&#8220;2em&#8220; text_orientation=&#8220;right&#8220; background_layout=&#8220;dark&#8220; module_alignment=&#8220;right&#8220; custom_margin=&#8220;||20px|&#8220; custom_margin_tablet=&#8220;|||&#8220; custom_margin_phone=&#8220;|||0px&#8220; custom_margin_last_edited=&#8220;off|desktop&#8220; animation=&#8220;off&#8220; custom_css_blurb_image=&#8220;margin-left: 25px;\t&#8220; custom_css_blurb_content=&#8220;display: flex;||flex-direction: row-reverse;&#8220; icon_font_size=&#8220;20px&#8220; locked=&#8220;off&#8220; global_colors_info=&#8220;{}&#8220;][\/et_pb_blurb][\/et_pb_column][\/et_pb_row][et_pb_row column_structure=&#8220;1_3,1_3,1_3&#8243; _builder_version=&#8220;4.14.8&#8243; _module_preset=&#8220;default&#8220; min_height=&#8220;35vh&#8220; custom_padding=&#8220;27px|||||&#8220; hover_enabled=&#8220;0&#8243; global_colors_info=&#8220;{}&#8220; sticky_enabled=&#8220;0&#8243; disabled_on=&#8220;off|off|on&#8220;][et_pb_column type=&#8220;1_3&#8243; _builder_version=&#8220;4.14.2&#8243; _module_preset=&#8220;default&#8220; global_colors_info=&#8220;{}&#8220;][et_pb_text _builder_version=&#8220;4.14.8&#8243; _module_preset=&#8220;default&#8220; background_color=&#8220;#4E7C97&#8243; background_image=&#8220;https:\/\/pichler-taller.it\/wp-content\/uploads\/2022\/01\/chisiamo-claudiotaller.jpg&#8220; width=&#8220;200px&#8220; module_alignment=&#8220;left&#8220; min_height=&#8220;200px&#8220; hover_enabled=&#8220;0&#8243; border_radii=&#8220;on|150px|150px|150px|150px&#8220; global_colors_info=&#8220;{}&#8220; sticky_enabled=&#8220;0&#8243; max_width=&#8220;200px&#8220;][\/et_pb_text][et_pb_blurb title=&#8220;Geologe Claudio Taller&#8220; icon_placement=&#8220;left&#8220; image_icon_width=&#8220;20px&#8220; content_max_width=&#8220;1100px&#8220; _builder_version=&#8220;4.14.2&#8243; header_font=&#8220;Montserrat|700|||||||&#8220; header_text_align=&#8220;left&#8220; header_text_color=&#8220;#333333&#8243; header_font_size=&#8220;16px&#8220; header_line_height=&#8220;1.5em&#8220; body_font=&#8220;||||||||&#8220; body_text_align=&#8220;left&#8220; body_text_color=&#8220;#333333&#8243; body_font_size=&#8220;16px&#8220; body_line_height=&#8220;2em&#8220; image_icon_custom_margin=&#8220;|0px||0px|false|false&#8220; image_icon_custom_padding=&#8220;|0px||0px|false|false&#8220; background_layout=&#8220;dark&#8220; custom_margin=&#8220;|0px|20px|-15px|false|false&#8220; custom_margin_tablet=&#8220;|||&#8220; custom_margin_phone=&#8220;|||0px&#8220; custom_margin_last_edited=&#8220;off|desktop&#8220; custom_padding=&#8220;|0px||0px|false|false&#8220; animation=&#8220;off&#8220; icon_font_size=&#8220;20px&#8220; locked=&#8220;off&#8220; global_colors_info=&#8220;{}&#8220;]<\/p>\n<p style=\"text-align: left;\">Verantwortlicher Zone Trentino<\/p>\n<p>[\/et_pb_blurb][et_pb_blurb title=&#8220;+39 340 538 5749&#8243; url=&#8220;tel:+393405385749&#8243; use_icon=&#8220;on&#8220; font_icon=&#8220;&#xe090;||divi||400&#8243; image_icon_background_color=&#8220;RGBA(255,255,255,0)&#8220; icon_placement=&#8220;left&#8220; image_icon_width=&#8220;20px&#8220; content_max_width=&#8220;1100px&#8220; _builder_version=&#8220;4.14.7&#8243; header_font=&#8220;Montserrat|500|||||||&#8220; header_text_color=&#8220;#084666&#8243; header_font_size=&#8220;16px&#8220; header_line_height=&#8220;1.5em&#8220; body_font=&#8220;||||||||&#8220; body_text_color=&#8220;#333333&#8243; body_font_size=&#8220;16px&#8220; body_line_height=&#8220;2em&#8220; background_layout=&#8220;dark&#8220; custom_margin=&#8220;||0px||false|false&#8220; custom_margin_tablet=&#8220;|||&#8220; custom_margin_phone=&#8220;|||0px&#8220; custom_margin_last_edited=&#8220;off|desktop&#8220; custom_padding=&#8220;|||12px|false|false&#8220; animation=&#8220;off&#8220; custom_css_blurb_content=&#8220;display: flex;||flex-direction: row;&#8220; icon_font_size=&#8220;20px&#8220; locked=&#8220;off&#8220; global_colors_info=&#8220;{}&#8220;][\/et_pb_blurb][et_pb_blurb title=&#8220;claudio@pichler-taller.it&#8220; url=&#8220;mailto:claudio@pichler-taller.it&#8220; use_icon=&#8220;on&#8220; font_icon=&#8220;&#xe076;||divi||400&#8243; icon_placement=&#8220;left&#8220; image_icon_width=&#8220;20px&#8220; content_max_width=&#8220;1100px&#8220; _builder_version=&#8220;4.14.7&#8243; header_font=&#8220;Montserrat|500|||||||&#8220; header_text_color=&#8220;#084666&#8243; header_font_size=&#8220;16px&#8220; header_line_height=&#8220;1.5em&#8220; body_font=&#8220;||||||||&#8220; body_text_color=&#8220;#084666&#8243; body_font_size=&#8220;16px&#8220; body_line_height=&#8220;2em&#8220; background_layout=&#8220;dark&#8220; custom_margin=&#8220;||0px||false|false&#8220; custom_margin_tablet=&#8220;|||&#8220; custom_margin_phone=&#8220;|||0px&#8220; custom_margin_last_edited=&#8220;off|desktop&#8220; custom_padding=&#8220;|||12px|false|false&#8220; animation=&#8220;off&#8220; custom_css_blurb_content=&#8220;display: flex;||flex-direction: row;&#8220; icon_font_size=&#8220;20px&#8220; locked=&#8220;off&#8220; global_colors_info=&#8220;{}&#8220;][\/et_pb_blurb][\/et_pb_column][et_pb_column type=&#8220;1_3&#8243; _builder_version=&#8220;4.14.2&#8243; _module_preset=&#8220;default&#8220; background_enable_color=&#8220;off&#8220; global_colors_info=&#8220;{}&#8220;][\/et_pb_column][et_pb_column type=&#8220;1_3&#8243; _builder_version=&#8220;4.14.2&#8243; _module_preset=&#8220;default&#8220; global_colors_info=&#8220;{}&#8220;][et_pb_text _builder_version=&#8220;4.14.8&#8243; _module_preset=&#8220;default&#8220; background_color=&#8220;#4E7C97&#8243; background_image=&#8220;https:\/\/pichler-taller.it\/wp-content\/uploads\/2022\/02\/chisiamo-christianpichler.jpg&#8220; width=&#8220;200px&#8220; module_alignment=&#8220;left&#8220; min_height=&#8220;200px&#8220; hover_enabled=&#8220;0&#8243; border_radii=&#8220;on|150px|150px|150px|150px&#8220; global_colors_info=&#8220;{}&#8220; max_width=&#8220;200px&#8220; sticky_enabled=&#8220;0&#8243; header_text_align=&#8220;left&#8220;][\/et_pb_text][et_pb_blurb title=&#8220;Geologe Christian Pichler&#8220; icon_placement=&#8220;left&#8220; image_icon_width=&#8220;20px&#8220; content_max_width=&#8220;1100px&#8220; _builder_version=&#8220;4.14.8&#8243; header_font=&#8220;Montserrat|700|||||||&#8220; header_text_color=&#8220;#333333&#8243; header_font_size=&#8220;16px&#8220; header_line_height=&#8220;1.5em&#8220; body_font=&#8220;||||||||&#8220; body_text_color=&#8220;#333333&#8243; body_font_size=&#8220;16px&#8220; body_line_height=&#8220;2em&#8220; background_layout=&#8220;dark&#8220; module_alignment=&#8220;right&#8220; custom_margin=&#8220;|0px|20px|-15px|false|false&#8220; custom_margin_tablet=&#8220;|||&#8220; custom_margin_phone=&#8220;|||0px&#8220; custom_margin_last_edited=&#8220;off|desktop&#8220; custom_padding=&#8220;|0px||0px|false|false&#8220; animation=&#8220;off&#8220; hover_enabled=&#8220;0&#8243; icon_font_size=&#8220;20px&#8220; locked=&#8220;off&#8220; global_colors_info=&#8220;{}&#8220; sticky_enabled=&#8220;0&#8243;]<\/p>\n<p>Verantwortlicher Zone S\u00fcdtirol<\/p>\n<p>[\/et_pb_blurb][et_pb_blurb title=&#8220;+39 349 815 0475&#8243; url=&#8220;tel:+393498150475&#8243; use_icon=&#8220;on&#8220; font_icon=&#8220;&#xe090;||divi||400&#8243; image_icon_background_color=&#8220;RGBA(255,255,255,0)&#8220; icon_placement=&#8220;left&#8220; image_icon_width=&#8220;20px&#8220; content_max_width=&#8220;1100px&#8220; _builder_version=&#8220;4.14.8&#8243; header_font=&#8220;Montserrat|500|||||||&#8220; header_text_color=&#8220;#084666&#8243; header_font_size=&#8220;16px&#8220; header_line_height=&#8220;1.5em&#8220; body_font=&#8220;||||||||&#8220; body_text_color=&#8220;#333333&#8243; body_font_size=&#8220;16px&#8220; body_line_height=&#8220;2em&#8220; background_layout=&#8220;dark&#8220; custom_margin=&#8220;||0px||false|false&#8220; custom_margin_tablet=&#8220;|||&#8220; custom_margin_phone=&#8220;|||0px&#8220; custom_margin_last_edited=&#8220;off|desktop&#8220; custom_padding=&#8220;|||12px|false|false&#8220; animation=&#8220;off&#8220; hover_enabled=&#8220;0&#8243; custom_css_blurb_content=&#8220;display: flex;||flex-direction: row;&#8220; icon_font_size=&#8220;20px&#8220; locked=&#8220;off&#8220; global_colors_info=&#8220;{}&#8220; sticky_enabled=&#8220;0&#8243;][\/et_pb_blurb][et_pb_blurb title=&#8220;christian@pichler-taller.it&#8220; url=&#8220;mailto:christian@pichler-taller.it&#8220; use_icon=&#8220;on&#8220; font_icon=&#8220;&#xe076;||divi||400&#8243; icon_placement=&#8220;left&#8220; image_icon_width=&#8220;20px&#8220; content_max_width=&#8220;1100px&#8220; _builder_version=&#8220;4.14.8&#8243; header_font=&#8220;Montserrat|500|||||||&#8220; header_text_color=&#8220;#084666&#8243; header_font_size=&#8220;16px&#8220; header_line_height=&#8220;1.5em&#8220; body_font=&#8220;||||||||&#8220; body_text_color=&#8220;#084666&#8243; body_font_size=&#8220;16px&#8220; body_line_height=&#8220;2em&#8220; background_layout=&#8220;dark&#8220; custom_margin=&#8220;||0px||false|false&#8220; custom_margin_tablet=&#8220;|||&#8220; custom_margin_phone=&#8220;|||0px&#8220; custom_margin_last_edited=&#8220;off|desktop&#8220; custom_padding=&#8220;|||12px|false|false&#8220; animation=&#8220;off&#8220; hover_enabled=&#8220;0&#8243; custom_css_blurb_content=&#8220;display: flex;||flex-direction: row;&#8220; icon_font_size=&#8220;20px&#8220; locked=&#8220;off&#8220; global_colors_info=&#8220;{}&#8220; sticky_enabled=&#8220;0&#8243;][\/et_pb_blurb][\/et_pb_column][\/et_pb_row][\/et_pb_section]<\/p>\n","protected":false},"excerpt":{"rendered":"<p>\u00dcber unsBei einem der gro\u00dfen Baulose zur Realisierung des BBT kennengelernt, entdeckten wir bald unser gemeinsames langfristiges Ziel: Die Bildung eines Teams von Fachleuten in der Region Trentino-S\u00fcdtirol, welches sich gemeinsam mit geologischen, hydrogeologischen und geotechnischen Fragestellungen auseinandersetzt, um auch vielschichtige Fragestellungen aus unterschiedlichen Perspektiven betrachten und bearbeiten zu k\u00f6nnen. Das Einbringen der jeweiligen Expertise [&hellip;]<\/p>\n","protected":false},"author":1,"featured_media":0,"parent":0,"menu_order":0,"comment_status":"closed","ping_status":"closed","template":"","meta":{"_et_pb_use_builder":"on","_et_pb_old_content":"","_et_gb_content_width":""},"yoast_head":"<!-- This site is optimized with the Yoast SEO plugin v18.3 - https:\/\/yoast.com\/wordpress\/plugins\/seo\/ -->\n<title>\u00dcber uns - PICHLER &amp; TALLER Geologia Applicata - Angewandte Geologie<\/title>\n<meta name=\"robots\" content=\"index, follow, max-snippet:-1, max-image-preview:large, max-video-preview:-1\" \/>\n<link rel=\"canonical\" href=\"https:\/\/pichler-taller.it\/de\/ueber-uns\/\" \/>\n<meta property=\"og:locale\" content=\"de_DE\" \/>\n<meta property=\"og:type\" content=\"article\" \/>\n<meta property=\"og:title\" content=\"\u00dcber uns - PICHLER &amp; TALLER Geologia Applicata - Angewandte Geologie\" \/>\n<meta property=\"og:description\" content=\"\u00dcber unsBei einem der gro\u00dfen Baulose zur Realisierung des BBT kennengelernt, entdeckten wir bald unser gemeinsames langfristiges Ziel: Die Bildung eines Teams von Fachleuten in der Region Trentino-S\u00fcdtirol, welches sich gemeinsam mit geologischen, hydrogeologischen und geotechnischen Fragestellungen auseinandersetzt, um auch vielschichtige Fragestellungen aus unterschiedlichen Perspektiven betrachten und bearbeiten zu k\u00f6nnen. Das Einbringen der jeweiligen Expertise [&hellip;]\" \/>\n<meta property=\"og:url\" content=\"https:\/\/pichler-taller.it\/de\/ueber-uns\/\" \/>\n<meta property=\"og:site_name\" content=\"PICHLER &amp; TALLER Geologia Applicata - Angewandte Geologie\" \/>\n<meta property=\"article:publisher\" content=\"https:\/\/www.facebook.com\/PichlerTaller\" \/>\n<meta property=\"article:modified_time\" content=\"2022-03-19T22:24:05+00:00\" \/>\n<meta name=\"twitter:card\" content=\"summary_large_image\" \/>\n<meta name=\"twitter:label1\" content=\"Gesch\u00e4tzte Lesezeit\" \/>\n\t<meta name=\"twitter:data1\" content=\"10\u00a0Minuten\" \/>\n<script type=\"application\/ld+json\" class=\"yoast-schema-graph\">{\"@context\":\"https:\/\/schema.org\",\"@graph\":[{\"@type\":\"Organization\",\"@id\":\"https:\/\/pichler-taller.it\/#organization\",\"name\":\"PICHLER & TALLER Geologia Applicata - Angewandte Geologie\",\"url\":\"https:\/\/pichler-taller.it\/\",\"sameAs\":[\"https:\/\/www.facebook.com\/PichlerTaller\",\"https:\/\/www.instagram.com\/pichlertaller\/\"],\"logo\":{\"@type\":\"ImageObject\",\"@id\":\"https:\/\/pichler-taller.it\/#logo\",\"inLanguage\":\"de\",\"url\":\"https:\/\/pichler-taller.it\/wp-content\/uploads\/2022\/03\/SEO-Logo.png\",\"contentUrl\":\"https:\/\/pichler-taller.it\/wp-content\/uploads\/2022\/03\/SEO-Logo.png\",\"width\":1920,\"height\":1080,\"caption\":\"PICHLER & TALLER Geologia Applicata - Angewandte Geologie\"},\"image\":{\"@id\":\"https:\/\/pichler-taller.it\/#logo\"}},{\"@type\":\"WebSite\",\"@id\":\"https:\/\/pichler-taller.it\/#website\",\"url\":\"https:\/\/pichler-taller.it\/\",\"name\":\"PICHLER &amp; TALLER Geologia Applicata - Angewandte Geologie\",\"description\":\"Geologia Applicata - Angewandte Geologie\",\"publisher\":{\"@id\":\"https:\/\/pichler-taller.it\/#organization\"},\"potentialAction\":[{\"@type\":\"SearchAction\",\"target\":{\"@type\":\"EntryPoint\",\"urlTemplate\":\"https:\/\/pichler-taller.it\/?s={search_term_string}\"},\"query-input\":\"required name=search_term_string\"}],\"inLanguage\":\"de\"},{\"@type\":\"WebPage\",\"@id\":\"https:\/\/pichler-taller.it\/de\/ueber-uns\/#webpage\",\"url\":\"https:\/\/pichler-taller.it\/de\/ueber-uns\/\",\"name\":\"\u00dcber uns - PICHLER &amp; TALLER Geologia Applicata - Angewandte Geologie\",\"isPartOf\":{\"@id\":\"https:\/\/pichler-taller.it\/#website\"},\"datePublished\":\"2021-12-14T10:52:11+00:00\",\"dateModified\":\"2022-03-19T22:24:05+00:00\",\"breadcrumb\":{\"@id\":\"https:\/\/pichler-taller.it\/de\/ueber-uns\/#breadcrumb\"},\"inLanguage\":\"de\",\"potentialAction\":[{\"@type\":\"ReadAction\",\"target\":[\"https:\/\/pichler-taller.it\/de\/ueber-uns\/\"]}]},{\"@type\":\"BreadcrumbList\",\"@id\":\"https:\/\/pichler-taller.it\/de\/ueber-uns\/#breadcrumb\",\"itemListElement\":[{\"@type\":\"ListItem\",\"position\":1,\"name\":\"Home\",\"item\":\"https:\/\/pichler-taller.it\/de\/homepage\/\"},{\"@type\":\"ListItem\",\"position\":2,\"name\":\"\u00dcber uns\"}]}]}<\/script>\n<!-- \/ Yoast SEO plugin. -->","yoast_head_json":{"title":"\u00dcber uns - PICHLER &amp; TALLER Geologia Applicata - Angewandte Geologie","robots":{"index":"index","follow":"follow","max-snippet":"max-snippet:-1","max-image-preview":"max-image-preview:large","max-video-preview":"max-video-preview:-1"},"canonical":"https:\/\/pichler-taller.it\/de\/ueber-uns\/","og_locale":"de_DE","og_type":"article","og_title":"\u00dcber uns - PICHLER &amp; TALLER Geologia Applicata - Angewandte Geologie","og_description":"\u00dcber unsBei einem der gro\u00dfen Baulose zur Realisierung des BBT kennengelernt, entdeckten wir bald unser gemeinsames langfristiges Ziel: Die Bildung eines Teams von Fachleuten in der Region Trentino-S\u00fcdtirol, welches sich gemeinsam mit geologischen, hydrogeologischen und geotechnischen Fragestellungen auseinandersetzt, um auch vielschichtige Fragestellungen aus unterschiedlichen Perspektiven betrachten und bearbeiten zu k\u00f6nnen. Das Einbringen der jeweiligen Expertise [&hellip;]","og_url":"https:\/\/pichler-taller.it\/de\/ueber-uns\/","og_site_name":"PICHLER &amp; TALLER Geologia Applicata - Angewandte Geologie","article_publisher":"https:\/\/www.facebook.com\/PichlerTaller","article_modified_time":"2022-03-19T22:24:05+00:00","twitter_card":"summary_large_image","twitter_misc":{"Gesch\u00e4tzte Lesezeit":"10\u00a0Minuten"},"schema":{"@context":"https:\/\/schema.org","@graph":[{"@type":"Organization","@id":"https:\/\/pichler-taller.it\/#organization","name":"PICHLER & TALLER Geologia Applicata - Angewandte Geologie","url":"https:\/\/pichler-taller.it\/","sameAs":["https:\/\/www.facebook.com\/PichlerTaller","https:\/\/www.instagram.com\/pichlertaller\/"],"logo":{"@type":"ImageObject","@id":"https:\/\/pichler-taller.it\/#logo","inLanguage":"de","url":"https:\/\/pichler-taller.it\/wp-content\/uploads\/2022\/03\/SEO-Logo.png","contentUrl":"https:\/\/pichler-taller.it\/wp-content\/uploads\/2022\/03\/SEO-Logo.png","width":1920,"height":1080,"caption":"PICHLER & TALLER Geologia Applicata - Angewandte Geologie"},"image":{"@id":"https:\/\/pichler-taller.it\/#logo"}},{"@type":"WebSite","@id":"https:\/\/pichler-taller.it\/#website","url":"https:\/\/pichler-taller.it\/","name":"PICHLER &amp; TALLER Geologia Applicata - Angewandte Geologie","description":"Geologia Applicata - Angewandte Geologie","publisher":{"@id":"https:\/\/pichler-taller.it\/#organization"},"potentialAction":[{"@type":"SearchAction","target":{"@type":"EntryPoint","urlTemplate":"https:\/\/pichler-taller.it\/?s={search_term_string}"},"query-input":"required name=search_term_string"}],"inLanguage":"de"},{"@type":"WebPage","@id":"https:\/\/pichler-taller.it\/de\/ueber-uns\/#webpage","url":"https:\/\/pichler-taller.it\/de\/ueber-uns\/","name":"\u00dcber uns - PICHLER &amp; TALLER Geologia Applicata - Angewandte Geologie","isPartOf":{"@id":"https:\/\/pichler-taller.it\/#website"},"datePublished":"2021-12-14T10:52:11+00:00","dateModified":"2022-03-19T22:24:05+00:00","breadcrumb":{"@id":"https:\/\/pichler-taller.it\/de\/ueber-uns\/#breadcrumb"},"inLanguage":"de","potentialAction":[{"@type":"ReadAction","target":["https:\/\/pichler-taller.it\/de\/ueber-uns\/"]}]},{"@type":"BreadcrumbList","@id":"https:\/\/pichler-taller.it\/de\/ueber-uns\/#breadcrumb","itemListElement":[{"@type":"ListItem","position":1,"name":"Home","item":"https:\/\/pichler-taller.it\/de\/homepage\/"},{"@type":"ListItem","position":2,"name":"\u00dcber uns"}]}]}},"_links":{"self":[{"href":"https:\/\/pichler-taller.it\/de\/wp-json\/wp\/v2\/pages\/365"}],"collection":[{"href":"https:\/\/pichler-taller.it\/de\/wp-json\/wp\/v2\/pages"}],"about":[{"href":"https:\/\/pichler-taller.it\/de\/wp-json\/wp\/v2\/types\/page"}],"author":[{"embeddable":true,"href":"https:\/\/pichler-taller.it\/de\/wp-json\/wp\/v2\/users\/1"}],"replies":[{"embeddable":true,"href":"https:\/\/pichler-taller.it\/de\/wp-json\/wp\/v2\/comments?post=365"}],"version-history":[{"count":13,"href":"https:\/\/pichler-taller.it\/de\/wp-json\/wp\/v2\/pages\/365\/revisions"}],"predecessor-version":[{"id":634,"href":"https:\/\/pichler-taller.it\/de\/wp-json\/wp\/v2\/pages\/365\/revisions\/634"}],"wp:attachment":[{"href":"https:\/\/pichler-taller.it\/de\/wp-json\/wp\/v2\/media?parent=365"}],"curies":[{"name":"wp","href":"https:\/\/api.w.org\/{rel}","templated":true}]}}